{"id":1489,"date":"2022-06-24T11:08:26","date_gmt":"2022-06-24T09:08:26","guid":{"rendered":"http:\/\/assumpcio.alcover.arqtgn.cat\/?page_id=1489"},"modified":"2023-04-22T10:09:14","modified_gmt":"2023-04-22T08:09:14","slug":"fotos-corpus-any-2022-la-maso","status":"publish","type":"page","link":"https:\/\/assumpcio.alcover.arqtgn.cat\/?page_id=1489","title":{"rendered":"Corpus any 2022, La Mas\u00f3"},"content":{"rendered":"<p><iframe title=\"Corpus Christi La Maso\u0301 any 2022\" width=\"678\" height=\"381\" src=\"https:\/\/www.youtube.com\/embed\/WYgpLbivNFM?feature=oembed\" frameborder=\"0\" allow=\"accelerometer; autoplay; clipboard-write; encrypted-media; gyroscope; picture-in-picture; web-share\" allowfullscreen><\/iframe><\/p>\n<p><strong style=\"color: #000000;font-size: 16px;text-align: justify\">CELEBRACI\u00d3 DEL CORPUS CHRISTI 2022 A LA MAS\u00d3<\/strong><\/p>\n<div class=\"cxmmr5t8 oygrvhab hcukyx3x c1et5uql o9v6fnle ii04i59q\" style=\"text-align: justify\">\n<div dir=\"auto\"><span style=\"color: #000000\">La vila de la Mas\u00f3, pertanyen a la Unitat Pastoral d&#8217;Alcover de l&#8217;Arxiprestat de l&#8217;Alt Camp, tamb\u00e9 va celebrar la festa eucar\u00edstica del Corpus Christi, amb gran devoci\u00f3 es va processionar el Sant\u00edssim pel carrer principal de la vila, despr\u00e9s de dos anys sense poder-se celebrar a causa de la pand\u00e8mia del coronavirus. La celebraci\u00f3 de l&#8217;eucaristia va ser oficiada per al Vicari de la Unitat Pastoral d&#8217;Alcover Mn. Pere Joan Figueras, una vegada acabat l&#8217;ofici religi\u00f3s, el diaca Mn. Dami\u00e0 Tarrag\u00f3 Garcia, adscrit a la parr\u00f2quia de Sta. Magdalena de la Mas\u00f3 va iniciar la solemne process\u00f3 amb el Sant\u00edssim, pel carrer principal de la vila acompanyat pels fidels presents que es van apropar a aquest esdeveniment popular i religi\u00f3s.<\/span><\/div>\n<\/div>\n<div class=\"cxmmr5t8 oygrvhab hcukyx3x c1et5uql o9v6fnle ii04i59q\" style=\"text-align: justify\">\n<div dir=\"auto\"><span style=\"color: #000000\">Gr\u00e0cies als ve\u00efns de la vila, per haver facilitat les fotos, per poder-les gaudir a trav\u00e9s d&#8217;aquest mitj\u00e0.<\/span><\/div>\n<\/div>\n<div class=\"cxmmr5t8 oygrvhab hcukyx3x c1et5uql o9v6fnle ii04i59q\">\n<div dir=\"auto\" style=\"text-align: justify\"><span style=\"color: #000000\">\ud835\ude3d\ud835\ude5a\ud835\ude63 \ud835\ude6b\ud835\ude64\ud835\ude68\ud835\ude69\ud835\ude67\ud835\ude5a,<\/span><\/div>\n<div dir=\"auto\" style=\"text-align: justify\"><span style=\"color: #000000\">\ud835\ude48\ud835\ude63. \ud835\ude51\ud835\ude5e\u0301\ud835\ude58\ud835\ude69\ud835\ude64\ud835\ude67 \ud835\ude48\ud835\ude64\ud835\ude68\ud835\ude66\ud835\ude6a\ud835\ude5a\ud835\ude67\ud835\ude56 \ud835\ude4d\ud835\ude56\ud835\ude62\ud835\ude64\ud835\ude68<\/span><\/div>\n<\/div>\n","protected":false},"excerpt":{"rendered":"<p>CELEBRACI\u00d3 DEL CORPUS CHRISTI 2022 A LA MAS\u00d3 La vila de la Mas\u00f3, pertanyen a la Unitat Pastoral d&#8217;Alcover de l&#8217;Arxiprestat de l&#8217;Alt Camp, tamb\u00e9 va celebrar la festa eucar\u00edstica <a class=\"more-link\" href=\"https:\/\/assumpcio.alcover.arqtgn.cat\/?page_id=1489\">Continue Reading &rarr;<\/a><\/p>\n","protected":false},"author":39,"featured_media":0,"parent":0,"menu_order":0,"comment_status":"closed","ping_status":"closed","template":"","meta":{"footnotes":""},"class_list":["post-1489","page","type-page","status-publish","hentry"],"_links":{"self":[{"href":"https:\/\/assumpcio.alcover.arqtgn.cat\/index.php?rest_route=\/wp\/v2\/pages\/1489","targetHints":{"allow":["GET"]}}],"collection":[{"href":"https:\/\/assumpcio.alcover.arqtgn.cat\/index.php?rest_route=\/wp\/v2\/pages"}],"about":[{"href":"https:\/\/assumpcio.alcover.arqtgn.cat\/index.php?rest_route=\/wp\/v2\/types\/page"}],"author":[{"embeddable":true,"href":"https:\/\/assumpcio.alcover.arqtgn.cat\/index.php?rest_route=\/wp\/v2\/users\/39"}],"replies":[{"embeddable":true,"href":"https:\/\/assumpcio.alcover.arqtgn.cat\/index.php?rest_route=%2Fwp%2Fv2%2Fcomments&post=1489"}],"version-history":[{"count":13,"href":"https:\/\/assumpcio.alcover.arqtgn.cat\/index.php?rest_route=\/wp\/v2\/pages\/1489\/revisions"}],"predecessor-version":[{"id":5091,"href":"https:\/\/assumpcio.alcover.arqtgn.cat\/index.php?rest_route=\/wp\/v2\/pages\/1489\/revisions\/5091"}],"wp:attachment":[{"href":"https:\/\/assumpcio.alcover.arqtgn.cat\/index.php?rest_route=%2Fwp%2Fv2%2Fmedia&parent=1489"}],"curies":[{"name":"wp","href":"https:\/\/api.w.org\/{rel}","templated":true}]}}