{"id":224,"date":"2022-05-22T20:07:14","date_gmt":"2022-05-22T18:07:14","guid":{"rendered":"http:\/\/assumpcio.alcover.arqtgn.cat\/?page_id=224"},"modified":"2022-10-02T11:39:36","modified_gmt":"2022-10-02T09:39:36","slug":"parroquia-de-masmolets","status":"publish","type":"page","link":"https:\/\/assumpcio.alcover.arqtgn.cat\/?page_id=224","title":{"rendered":"Parr\u00f2quia de St. Andreu ap\u00f2stol de Farena"},"content":{"rendered":"<h5><span style=\"color: #000000\"><strong>Sant Andreu ap\u00f2stol de Farena<\/strong><\/span><\/h5>\n<div id=\"attachment_390\" style=\"width: 232px\" class=\"wp-caption alignleft\"><a href=\"https:\/\/assumpcio.alcover.arqtgn.cat\/wp-content\/uploads\/sites\/39\/2022\/05\/parroquia-de-sant-andreu-farena_4.jpeg\" target=\"_blank\" rel=\"noopener\"><img fetchpriority=\"high\" decoding=\"async\" aria-describedby=\"caption-attachment-390\" class=\"wp-image-390\" src=\"https:\/\/assumpcio.alcover.arqtgn.cat\/wp-content\/uploads\/sites\/39\/2022\/05\/parroquia-de-sant-andreu-farena_4-225x300.jpeg\" alt=\"\" width=\"222\" height=\"296\" srcset=\"https:\/\/assumpcio.alcover.arqtgn.cat\/wp-content\/uploads\/sites\/39\/2022\/05\/parroquia-de-sant-andreu-farena_4-225x300.jpeg 225w, https:\/\/assumpcio.alcover.arqtgn.cat\/wp-content\/uploads\/sites\/39\/2022\/05\/parroquia-de-sant-andreu-farena_4.jpeg 768w\" sizes=\"(max-width: 222px) 100vw, 222px\" \/><\/a><p id=\"caption-attachment-390\" class=\"wp-caption-text\"><strong>Esgl\u00e9sia de Sant Andreu<\/strong><\/p><\/div>\n<p style=\"text-align: justify\"><span style=\"color: #000000\">L&#8217;esgl\u00e9sia de Sant Andreu ap\u00f2stol est\u00e0 situada al punt m\u00e9s alt de <a href=\"https:\/\/ca.wikipedia.org\/wiki\/Farena\" target=\"_blank\" rel=\"noopener\">Farena<\/a>., al municipi de Mont-ral (l&#8217;Alt Camp) protegida com a b\u00e9 cultural d&#8217;inter\u00e8s local.<\/span><\/p>\n<p style=\"text-align: justify\"><span style=\"color: #000000\">La construcci\u00f3 de l\u2019edifici data d\u2019\u00e8poca rom\u00e0nica, probablement del segle XII, posteriorment, va experimentar diverses reformes en els segles XVII i XVIII. Segons l&#8217;autor <a href=\"https:\/\/ca.wikipedia.org\/wiki\/Josep_Igl%C3%A9sies_i_Fort\" target=\"_blank\" rel=\"noopener\">Josep\u00a0Igl\u00e9sies\u00a0i Fort<\/a> de <a href=\"https:\/\/ca.wikipedia.org\/wiki\/Reus\" target=\"_blank\" rel=\"noopener\">Reus<\/a> (<a href=\"https:\/\/ca.wikipedia.org\/wiki\/Baix_Camp\" target=\"_blank\" rel=\"noopener\">Baix Camp<\/a>), l&#8217;estructura original d&#8217;aquesta esgl\u00e9sia formava part de l&#8217;antic castell de Farena del qual nom\u00e9s resten parts d&#8217;alguns murs dintre de Can Vilalta, finca ve\u00efna amb l&#8217;edifici religi\u00f3s.<\/span><\/p>\n<p style=\"text-align: justify\"><span style=\"color: #000000\">Consta d&#8217;una sola nau amb volta de can\u00f3, cap\u00e7alera plana, diverses capelles, i coberta de teula a dos vessants. La porta d&#8217;acc\u00e9s est\u00e0 situada en una fa\u00e7ana lateral \u00c9s d&#8217;arc de mig punt amb dovelles de pedra. Als peus de la nau s&#8217;eleva el campanar de paret, amb dues obertures d&#8217;arc de mig punt i acabament triangular d&#8217;\u00e8poca posterior.<\/span><\/p>\n<div id=\"attachment_400\" style=\"width: 310px\" class=\"wp-caption alignright\"><a href=\"https:\/\/assumpcio.alcover.arqtgn.cat\/wp-content\/uploads\/sites\/39\/2022\/05\/Esglesiola_de_Sant_Andreu_Farena_2-scaled.jpeg\" target=\"_blank\" rel=\"noopener\"><img decoding=\"async\" aria-describedby=\"caption-attachment-400\" class=\"wp-image-400 size-medium\" src=\"https:\/\/assumpcio.alcover.arqtgn.cat\/wp-content\/uploads\/sites\/39\/2022\/05\/Esglesiola_de_Sant_Andreu_Farena_2-300x199.jpeg\" alt=\"\" width=\"300\" height=\"199\" srcset=\"https:\/\/assumpcio.alcover.arqtgn.cat\/wp-content\/uploads\/sites\/39\/2022\/05\/Esglesiola_de_Sant_Andreu_Farena_2-300x199.jpeg 300w, https:\/\/assumpcio.alcover.arqtgn.cat\/wp-content\/uploads\/sites\/39\/2022\/05\/Esglesiola_de_Sant_Andreu_Farena_2-1024x680.jpeg 1024w, https:\/\/assumpcio.alcover.arqtgn.cat\/wp-content\/uploads\/sites\/39\/2022\/05\/Esglesiola_de_Sant_Andreu_Farena_2-768x510.jpeg 768w, https:\/\/assumpcio.alcover.arqtgn.cat\/wp-content\/uploads\/sites\/39\/2022\/05\/Esglesiola_de_Sant_Andreu_Farena_2-1536x1021.jpeg 1536w, https:\/\/assumpcio.alcover.arqtgn.cat\/wp-content\/uploads\/sites\/39\/2022\/05\/Esglesiola_de_Sant_Andreu_Farena_2-2048x1361.jpeg 2048w\" sizes=\"(max-width: 300px) 100vw, 300px\" \/><\/a><p id=\"caption-attachment-400\" class=\"wp-caption-text\"><strong>Esgl\u00e9sia de Sant Andreu ap\u00f2stol<\/strong><\/p><\/div>\n<p style=\"text-align: justify\"><span style=\"color: #000000\">L&#8217;esgl\u00e9sia est\u00e0 sota l&#8217;advocaci\u00f3 de Sant Andreu ap\u00f2stol, a Catalunya \u00e9s tamb\u00e9 patr\u00f3 entre altres llocs la <a href=\"https:\/\/ca.wikipedia.org\/wiki\/La_Selva_del_Camp\" target=\"_blank\" rel=\"noopener\">Selva del Camp<\/a> (Baix Camp), de <a href=\"https:\/\/ca.wikipedia.org\/wiki\/Seriny%C3%A0\" target=\"_blank\" rel=\"noopener\">Seriny\u00e0<\/a> al Pla de l&#8217;Estany, <a href=\"https:\/\/es.wikipedia.org\/wiki\/San_Andr%C3%A9s_de_Llavaneras\" target=\"_blank\" rel=\"noopener\">Sant Andreu de Llavaneres<\/a> al Maresme, i de <a href=\"https:\/\/ca.wikipedia.org\/wiki\/Sant_Andreu_de_Palomar\" target=\"_blank\" rel=\"noopener\">Sant Andreu del Palomar<\/a>, avui districte de la &#8216;gran&#8217; <a href=\"https:\/\/ca.wikipedia.org\/wiki\/Barcelona\" target=\"_blank\" rel=\"noopener\">Barcelona<\/a>.<\/span><\/p>\n<p>&nbsp;<\/p>\n<p>&nbsp;<\/p>\n<div id=\"attachment_391\" style=\"width: 1000px\" class=\"wp-caption aligncenter\"><a href=\"https:\/\/assumpcio.alcover.arqtgn.cat\/wp-content\/uploads\/sites\/39\/2022\/05\/Panoramica-farena_5.jpeg\" target=\"_blank\" rel=\"noopener\"><img decoding=\"async\" aria-describedby=\"caption-attachment-391\" class=\"wp-image-391 size-full\" src=\"https:\/\/assumpcio.alcover.arqtgn.cat\/wp-content\/uploads\/sites\/39\/2022\/05\/Panoramica-farena_5.jpeg\" alt=\"\" width=\"990\" height=\"400\" srcset=\"https:\/\/assumpcio.alcover.arqtgn.cat\/wp-content\/uploads\/sites\/39\/2022\/05\/Panoramica-farena_5.jpeg 990w, https:\/\/assumpcio.alcover.arqtgn.cat\/wp-content\/uploads\/sites\/39\/2022\/05\/Panoramica-farena_5-300x121.jpeg 300w, https:\/\/assumpcio.alcover.arqtgn.cat\/wp-content\/uploads\/sites\/39\/2022\/05\/Panoramica-farena_5-768x310.jpeg 768w\" sizes=\"(max-width: 990px) 100vw, 990px\" \/><\/a><p id=\"caption-attachment-391\" class=\"wp-caption-text\"><strong>Panor\u00e0mica de Farena<\/strong><\/p><\/div>\n<p><a href=\"https:\/\/assumpcio.alcover.arqtgn.cat\/\"><img loading=\"lazy\" decoding=\"async\" class=\"size-full wp-image-3242 alignright\" src=\"https:\/\/assumpcio.alcover.arqtgn.cat\/wp-content\/uploads\/sites\/39\/2022\/10\/Yo2Q.gif\" alt=\"\" width=\"64\" height=\"64\" \/><\/a><\/p>\n","protected":false},"excerpt":{"rendered":"<p>Sant Andreu ap\u00f2stol de Farena L&#8217;esgl\u00e9sia de Sant Andreu ap\u00f2stol est\u00e0 situada al punt m\u00e9s alt de Farena., al municipi de Mont-ral (l&#8217;Alt Camp) protegida com a b\u00e9 cultural d&#8217;inter\u00e8s <a class=\"more-link\" href=\"https:\/\/assumpcio.alcover.arqtgn.cat\/?page_id=224\">Continue Reading &rarr;<\/a><\/p>\n","protected":false},"author":39,"featured_media":0,"parent":0,"menu_order":0,"comment_status":"closed","ping_status":"closed","template":"","meta":{"footnotes":""},"class_list":["post-224","page","type-page","status-publish","hentry"],"_links":{"self":[{"href":"https:\/\/assumpcio.alcover.arqtgn.cat\/index.php?rest_route=\/wp\/v2\/pages\/224","targetHints":{"allow":["GET"]}}],"collection":[{"href":"https:\/\/assumpcio.alcover.arqtgn.cat\/index.php?rest_route=\/wp\/v2\/pages"}],"about":[{"href":"https:\/\/assumpcio.alcover.arqtgn.cat\/index.php?rest_route=\/wp\/v2\/types\/page"}],"author":[{"embeddable":true,"href":"https:\/\/assumpcio.alcover.arqtgn.cat\/index.php?rest_route=\/wp\/v2\/users\/39"}],"replies":[{"embeddable":true,"href":"https:\/\/assumpcio.alcover.arqtgn.cat\/index.php?rest_route=%2Fwp%2Fv2%2Fcomments&post=224"}],"version-history":[{"count":23,"href":"https:\/\/assumpcio.alcover.arqtgn.cat\/index.php?rest_route=\/wp\/v2\/pages\/224\/revisions"}],"predecessor-version":[{"id":3276,"href":"https:\/\/assumpcio.alcover.arqtgn.cat\/index.php?rest_route=\/wp\/v2\/pages\/224\/revisions\/3276"}],"wp:attachment":[{"href":"https:\/\/assumpcio.alcover.arqtgn.cat\/index.php?rest_route=%2Fwp%2Fv2%2Fmedia&parent=224"}],"curies":[{"name":"wp","href":"https:\/\/api.w.org\/{rel}","templated":true}]}}