{"id":4387,"date":"2023-02-08T13:50:34","date_gmt":"2023-02-08T11:50:34","guid":{"rendered":"http:\/\/assumpcio.alcover.arqtgn.cat\/?page_id=4387"},"modified":"2023-02-08T21:07:17","modified_gmt":"2023-02-08T19:07:17","slug":"celebracio-del-tres-tombs-a-alcover","status":"publish","type":"page","link":"https:\/\/assumpcio.alcover.arqtgn.cat\/?page_id=4387","title":{"rendered":"Celebraci\u00f3 dels tres tombs 2023 a Alcover"},"content":{"rendered":"\t\t<div data-elementor-type=\"wp-page\" data-elementor-id=\"4387\" class=\"elementor elementor-4387\">\n\t\t\t\t\t\t<section class=\"elementor-section elementor-top-section elementor-element elementor-element-3602ccd elementor-section-boxed elementor-section-height-default elementor-section-height-default\" data-id=\"3602ccd\" data-element_type=\"section\" data-e-type=\"section\">\n\t\t\t\t\t\t<div class=\"elementor-container elementor-column-gap-default\">\n\t\t\t\t\t<div class=\"elementor-column elementor-col-100 elementor-top-column elementor-element elementor-element-b525234\" data-id=\"b525234\" data-element_type=\"column\" data-e-type=\"column\">\n\t\t\t<div class=\"elementor-widget-wrap elementor-element-populated\">\n\t\t\t\t\t\t<div class=\"elementor-element elementor-element-2235fd8 elementor-widget elementor-widget-video\" data-id=\"2235fd8\" data-element_type=\"widget\" data-e-type=\"widget\" data-settings=\"{&quot;youtube_url&quot;:&quot;https:\\\/\\\/youtu.be\\\/dS8X0rHRMgQ&quot;,&quot;video_type&quot;:&quot;youtube&quot;,&quot;controls&quot;:&quot;yes&quot;}\" data-widget_type=\"video.default\">\n\t\t\t\t<div class=\"elementor-widget-container\">\n\t\t\t\t\t\t\t<div class=\"elementor-wrapper elementor-open-inline\">\n\t\t\t<div class=\"elementor-video\"><\/div>\t\t<\/div>\n\t\t\t\t\t\t<\/div>\n\t\t\t\t<\/div>\n\t\t\t\t\t<\/div>\n\t\t<\/div>\n\t\t\t\t\t<\/div>\n\t\t<\/section>\n\t\t\t\t<section class=\"elementor-section elementor-top-section elementor-element elementor-element-e778114 elementor-section-boxed elementor-section-height-default elementor-section-height-default\" data-id=\"e778114\" data-element_type=\"section\" data-e-type=\"section\">\n\t\t\t\t\t\t<div class=\"elementor-container elementor-column-gap-default\">\n\t\t\t\t\t<div class=\"elementor-column elementor-col-100 elementor-top-column elementor-element elementor-element-b016880\" data-id=\"b016880\" data-element_type=\"column\" data-e-type=\"column\">\n\t\t\t<div class=\"elementor-widget-wrap elementor-element-populated\">\n\t\t\t\t\t\t<div class=\"elementor-element elementor-element-5310d07 elementor-widget elementor-widget-image\" data-id=\"5310d07\" data-element_type=\"widget\" data-e-type=\"widget\" data-widget_type=\"image.default\">\n\t\t\t\t<div class=\"elementor-widget-container\">\n\t\t\t\t\t\t\t\t\t\t\t\t<figure class=\"wp-caption\">\n\t\t\t\t\t\t\t\t\t\t<img fetchpriority=\"high\" decoding=\"async\" width=\"678\" height=\"452\" src=\"https:\/\/assumpcio.alcover.arqtgn.cat\/wp-content\/uploads\/sites\/39\/2023\/02\/Un-centenar-de-cavalleries-als-Tres-Tombs-alcoverencs-1-1-1024x683.jpg\" class=\"attachment-large size-large wp-image-4395\" alt=\"\" srcset=\"https:\/\/assumpcio.alcover.arqtgn.cat\/wp-content\/uploads\/sites\/39\/2023\/02\/Un-centenar-de-cavalleries-als-Tres-Tombs-alcoverencs-1-1-1024x683.jpg 1024w, https:\/\/assumpcio.alcover.arqtgn.cat\/wp-content\/uploads\/sites\/39\/2023\/02\/Un-centenar-de-cavalleries-als-Tres-Tombs-alcoverencs-1-1-300x200.jpg 300w, https:\/\/assumpcio.alcover.arqtgn.cat\/wp-content\/uploads\/sites\/39\/2023\/02\/Un-centenar-de-cavalleries-als-Tres-Tombs-alcoverencs-1-1-768x512.jpg 768w, https:\/\/assumpcio.alcover.arqtgn.cat\/wp-content\/uploads\/sites\/39\/2023\/02\/Un-centenar-de-cavalleries-als-Tres-Tombs-alcoverencs-1-1.jpg 1417w\" sizes=\"(max-width: 678px) 100vw, 678px\" \/>\t\t\t\t\t\t\t\t\t\t\t<figcaption class=\"widget-image-caption wp-caption-text\"><\/figcaption>\n\t\t\t\t\t\t\t\t\t\t<\/figure>\n\t\t\t\t\t\t\t\t\t<\/div>\n\t\t\t\t<\/div>\n\t\t\t\t\t<\/div>\n\t\t<\/div>\n\t\t\t\t\t<\/div>\n\t\t<\/section>\n\t\t\t\t<section class=\"elementor-section elementor-top-section elementor-element elementor-element-fea911c elementor-section-boxed elementor-section-height-default elementor-section-height-default\" data-id=\"fea911c\" data-element_type=\"section\" data-e-type=\"section\">\n\t\t\t\t\t\t<div class=\"elementor-container elementor-column-gap-default\">\n\t\t\t\t\t<div class=\"elementor-column elementor-col-100 elementor-top-column elementor-element elementor-element-f45d492\" data-id=\"f45d492\" data-element_type=\"column\" data-e-type=\"column\">\n\t\t\t<div class=\"elementor-widget-wrap elementor-element-populated\">\n\t\t\t\t\t\t<div class=\"elementor-element elementor-element-1ea33ba elementor-widget elementor-widget-text-editor\" data-id=\"1ea33ba\" data-element_type=\"widget\" data-e-type=\"widget\" data-widget_type=\"text-editor.default\">\n\t\t\t\t<div class=\"elementor-widget-container\">\n\t\t\t\t\t\t\t\t\t<p style=\"margin: 0cm;font-size: 12pt;font-family: Calibri, sans-serif;color: #000000;font-style: normal;font-weight: 400;text-align: justify\"><span lang=\"CA\" style=\"font-size: 11.5pt;font-family: Verdana, sans-serif;color: #222222;background-image: initial;background-position: initial;background-size: initial;background-attachment: initial\">Aquest passat diumenge, dia 5 de febrer, a la vila d\u2019Alcover s\u2019ha celebrat una nova edici\u00f3 dels tradicionals Tres Tombs de Sant Antoni. El citat acte han <\/span><span lang=\"CA\" style=\"font-size: 11.5pt;font-family: Verdana, sans-serif;color: #222222\">participat un centenar de cavalleries.<br \/><br \/>La celebraci\u00f3 de Sant Antoni, organitzada per la Comissi\u00f3 de Sant Antoni i l&#8217;Ajuntament d&#8217;Alcover, amb la col-laboraci\u00f3 de la Cooperativa Agr\u00edcola, ha tornat a plegar gran nombre d&#8217;alcoverencs i alcoverenques.<br \/><span lang=\"CA\" style=\"font-style: normal;font-weight: 400;background-image: initial;background-position: initial;background-size: initial;background-attachment: initial;font-size: 11.5pt;font-family: Verdana, sans-serif\"><br \/>La cercavila va rec\u00f3rrer diferents carrers de la vila, i que enguany amb l\u2019<\/span><strong style=\"color: #000000;font-family: Calibri, sans-serif;font-size: 12pt;font-style: normal\"><span style=\"font-family: Verdana, sans-serif;font-weight: normal\">acompanyament de la Banda de Cornetes i Tambors la Rosa de Reus<\/span><\/strong><span style=\"color: #000000;font-family: Calibri, sans-serif;font-size: 12pt;font-style: normal;font-weight: 400\">\u00a0i ha incl\u00f2s la\u00a0<\/span><strong style=\"color: #000000;font-family: Calibri, sans-serif;font-size: 12pt;font-style: normal\"><span style=\"font-family: Verdana, sans-serif\">tradicional benedicci\u00f3 pel rector de la parr\u00f2quia Mn. V\u00edctor Mosquera Ramos, dels animals i carruatges<\/span><\/strong><span style=\"color: #000000;font-family: Calibri, sans-serif;font-size: 12pt;font-style: normal;font-weight: 400\">\u00a0que s\u2019ha dut a terme davant de l\u2019Esgl\u00e9sia Nova Ntra. Sra. de l&#8217;Assumpci\u00f3.<\/span><br \/><\/span><\/p><p style=\"margin: 0cm;font-size: 12pt;font-family: Calibri, sans-serif;color: #000000;font-style: normal;font-weight: 400\"><span lang=\"CA\" style=\"font-size: 11.5pt;font-family: Verdana, sans-serif;color: #222222;background-image: initial;background-position: initial;background-size: initial;background-attachment: initial\">\u00a0<\/span><\/p><p style=\"margin: 0cm;font-size: 12pt;font-family: Calibri, sans-serif;color: #000000;font-style: normal\"><span lang=\"CA\" style=\"font-size: 11.5pt;font-family: Verdana, sans-serif;color: #222222;background-image: initial;background-position: initial;background-size: initial;background-attachment: initial\"><b>Adjuntem aquest v\u00eddeo, gentilesa de Nuria Cortiella.<\/b><\/span><\/p><p style=\"text-align: justify\"><span style=\"color: #000000\"><em>Parr\u00f2quia Ntra. Sra. de l&#8217;Assumpci\u00f3 de l&#8217;Alcover<\/em><\/span><\/p>\t\t\t\t\t\t\t\t<\/div>\n\t\t\t\t<\/div>\n\t\t\t\t\t<\/div>\n\t\t<\/div>\n\t\t\t\t\t<\/div>\n\t\t<\/section>\n\t\t\t\t<\/div>\n\t\t","protected":false},"excerpt":{"rendered":"<p>\/*! elementor &#8211; v3.10.2 &#8211; 29-01-2023 *\/ .elementor-widget-image{text-align:center}.elementor-widget-image a{display:inline-block}.elementor-widget-image a img[src$=&#8221;.svg&#8221;]{width:48px}.elementor-widget-image img{vertical-align:middle;display:inline-block} Aquest passat diumenge, dia 5 de febrer, a la vila d\u2019Alcover s\u2019ha celebrat una nova edici\u00f3 dels tradicionals <a class=\"more-link\" href=\"https:\/\/assumpcio.alcover.arqtgn.cat\/?page_id=4387\">Continue Reading &rarr;<\/a><\/p>\n","protected":false},"author":39,"featured_media":0,"parent":0,"menu_order":0,"comment_status":"closed","ping_status":"closed","template":"","meta":{"footnotes":""},"class_list":["post-4387","page","type-page","status-publish","hentry"],"_links":{"self":[{"href":"https:\/\/assumpcio.alcover.arqtgn.cat\/index.php?rest_route=\/wp\/v2\/pages\/4387","targetHints":{"allow":["GET"]}}],"collection":[{"href":"https:\/\/assumpcio.alcover.arqtgn.cat\/index.php?rest_route=\/wp\/v2\/pages"}],"about":[{"href":"https:\/\/assumpcio.alcover.arqtgn.cat\/index.php?rest_route=\/wp\/v2\/types\/page"}],"author":[{"embeddable":true,"href":"https:\/\/assumpcio.alcover.arqtgn.cat\/index.php?rest_route=\/wp\/v2\/users\/39"}],"replies":[{"embeddable":true,"href":"https:\/\/assumpcio.alcover.arqtgn.cat\/index.php?rest_route=%2Fwp%2Fv2%2Fcomments&post=4387"}],"version-history":[{"count":24,"href":"https:\/\/assumpcio.alcover.arqtgn.cat\/index.php?rest_route=\/wp\/v2\/pages\/4387\/revisions"}],"predecessor-version":[{"id":4415,"href":"https:\/\/assumpcio.alcover.arqtgn.cat\/index.php?rest_route=\/wp\/v2\/pages\/4387\/revisions\/4415"}],"wp:attachment":[{"href":"https:\/\/assumpcio.alcover.arqtgn.cat\/index.php?rest_route=%2Fwp%2Fv2%2Fmedia&parent=4387"}],"curies":[{"name":"wp","href":"https:\/\/api.w.org\/{rel}","templated":true}]}}