{"id":4438,"date":"2023-02-14T14:22:47","date_gmt":"2023-02-14T12:22:47","guid":{"rendered":"http:\/\/assumpcio.alcover.arqtgn.cat\/?page_id=4438"},"modified":"2023-02-20T12:08:09","modified_gmt":"2023-02-20T10:08:09","slug":"ordenacio-presbiteral-12-02-2023","status":"publish","type":"page","link":"https:\/\/assumpcio.alcover.arqtgn.cat\/?page_id=4438","title":{"rendered":"Ordenaci\u00f3 Presbiteral"},"content":{"rendered":"<p><strong>L\u2019ARQUEBISBE JOAN ORDENA TRES NOUS PREVERES DIOCESANS<\/strong><\/p>\n<p><iframe title=\"Ordenaci\u00f3 Presbiteral 12\/02\/2023\" width=\"678\" height=\"381\" src=\"https:\/\/www.youtube.com\/embed\/jceVUTDha9s?feature=oembed\" frameborder=\"0\" allow=\"accelerometer; autoplay; clipboard-write; encrypted-media; gyroscope; picture-in-picture; web-share\" allowfullscreen><\/iframe><\/p>\n<p style=\"text-align: justify\"><span style=\"color: #000000\">La Catedral de Tarragona es va omplir de gom a gom aquest diumenge dia 12 de febrer amb motiu de la celebraci\u00f3 de l\u2019ordenaci\u00f3 presbiteral de Mn. Andreu Figueras, Mn. Albert Font i Mn. Dami\u00e0 Tarrag\u00f3 Garcia-Bech. L\u2019eucaristia, presidida per l\u2019arquebisbe Joan, va ser concelebrada per nombrosos preveres, entre els quals hi havia Mn. Joaquim Fortuny, vicari general de l\u2019arxidi\u00f2cesi; Mn. Armand Puig, rector del Seminari de Tarragona, i Mn. Joan Miquel Bravo, deg\u00e0 i president del Cap\u00edtol de la Catedral.<\/span><\/p>\n<p><span style=\"color: #000000\">Durant la celebraci\u00f3 tamb\u00e9 s\u2019hi van fer presents m\u00e9s d\u2019un miler de fidels de les parr\u00f2quies de l\u2019arxidi\u00f2cesi que van voler acompanyar els nous preveres en aquest dia tan significatiu per a l\u2019Esgl\u00e9sia diocesana de Tarragona. A m\u00e9s, el Cor dels Amics de la Catedral i el grup Reina de la Pau M\u00fasics van sostenir els cants de la celebraci\u00f3.<\/span><\/p>\n<p><span style=\"color: #000000\"><strong>Arquebisbe Joan: \u00abLa vostra acci\u00f3 pastoral no pot separar-se de la vida i dels problemes del m\u00f3n\u00bb<\/strong><\/span><\/p>\n<div id=\"attachment_4474\" style=\"width: 252px\" class=\"wp-caption alignright\"><a href=\"https:\/\/assumpcio.alcover.arqtgn.cat\/wp-content\/uploads\/sites\/39\/2023\/02\/Opuscle-de-lOrdenacio-Presbiteral.pdf\" target=\"_blank\" rel=\"noopener\"><img fetchpriority=\"high\" decoding=\"async\" aria-describedby=\"caption-attachment-4474\" class=\"wp-image-4474\" src=\"https:\/\/assumpcio.alcover.arqtgn.cat\/wp-content\/uploads\/sites\/39\/2023\/02\/Opuscle-715x1024.jpg\" alt=\"\" width=\"242\" height=\"343\" \/><\/a><p id=\"caption-attachment-4474\" class=\"wp-caption-text\"><strong>\u00a0 \u00a0 \u00a0 \u00a0 \u00a0 \u00a0 \u00a0 \u00a0 \u00a0 Opuscle<\/strong><\/p><\/div>\n<p style=\"text-align: justify\"><span style=\"color: #000000\">A l\u2019<span style=\"color: #993300\"><strong><a style=\"color: #993300\" href=\"http:\/\/hemeroteca.arqtgn.cat\/bitstream\/123456789\/13391\/1\/2023-02-12-Ordenaci%c3%b3%20pvres_Andreu_Albert_Dami%c3%a0.pdf\" target=\"_blank\" rel=\"noopener\">homilia<\/a><\/strong><\/span>, l\u2019arquebisbe Joan va exposar als ordenands que \u00abla vostra vida com a preveres no ha de ser una vida d\u2019evasi\u00f3 del m\u00f3n o contra el m\u00f3n, sin\u00f3 d\u2019una serena encarnaci\u00f3 en la hist\u00f2ria, per a fer viure en tots aquells amb qui us trobareu la dimensi\u00f3 religiosa,\u00a0<\/span><\/p>\n<p style=\"text-align: justify\"><span style=\"color: #000000\">aix\u00f2 \u00e9s, la relaci\u00f3 amb D\u00e9u\u00bb. Aix\u00ed, els va recordar que \u00abla vostra acci\u00f3 pastoral no pot separar-se de la vida i dels problemes del m\u00f3n\u00bb. En aquest sentit, Planellas va fer refer\u00e8ncia a les ombres del m\u00f3n actual, la guerra a Ucra\u00efna o el terratr\u00e8mol a Turquia i S\u00edria, i va demanar que \u00abels cristians i cristianes hem d\u2019exercir la solidaritat davant moltes mis\u00e8ries humanes\u00bb.<\/span><\/p>\n<p style=\"text-align: justify\"><span style=\"color: #000000\">\u00abEsdevenir prevere en l\u2019Esgl\u00e9sia significa entrar en aquesta autodonaci\u00f3 de Crist i entrar-hi amb tot el nostre cor, aliens a tota mundanitat\u00bb, va expressar. \u00abJes\u00fas ha donat la vida per tots, per\u00f2 d\u2019una manera particular s\u2019ha consagrat per aquells que el Pare li havia donat, perqu\u00e8 fossin consagrats en la veritat, \u00e9s a dir, en Ell, i poguessin parlar i actuar en nom seu, representar-lo, perllongar els seus gestos salvadors: partir el Pa de la vida i perdonar els pecats.\u00bb<\/span><\/p>\n<p style=\"text-align: justify\"><span style=\"color: #000000\">L\u2019Arquebisbe va assegurar als nous preveres que iniciaven \u00abun servei com el que D\u00e9u mateix ha fet amb el seu poble, i aquest servei t\u00e9 unes traces peculiars [\u2026], que s\u00f3n la proximitat i la miseric\u00f2rdia\u00bb. Planellas va parlar d\u2019aquesta proximitat en quatre vessants definides pel papa Francesc: \u00abAmb D\u00e9u, amb el bisbe, entre vosaltres i amb el poble de D\u00e9u\u00bb. \u00abProcureu que la vostra comunitat esdevingui una llar de fraternitat cristiana, amb aquella proximitat i tendresa que et fa sentir que ets a la casa de D\u00e9u\u00bb, va concloure.<\/span><\/p>\n<p style=\"text-align: justify\"><span style=\"color: #000000\">Seguidament, la celebraci\u00f3 va continuar amb el ritus de l\u2019ordenaci\u00f3 presbiteral. Els tres ordenands van manifestar la voluntat de rebre el presbiterat per servir l\u2019Esgl\u00e9sia i el m\u00f3n i d\u2019obeir el bisbe i els seus successors. El moment central de la lit\u00fargia d\u2019ordenaci\u00f3 va tenir lloc despr\u00e9s de les lletanies dels sants, amb la imposici\u00f3 de mans per part de l\u2019arquebisbe Joan i la resta de preveres i la preg\u00e0ria d\u2019ordenaci\u00f3.<\/span><\/p>\n<p style=\"text-align: justify\"><span style=\"color: #000000\">Finalment va tenir lloc la imposici\u00f3 de l\u2019estola a la manera presbiteral i la casulla, i tamb\u00e9 el lliurament del pa i del vi per a la celebraci\u00f3 de la missa, i el gest de pau amb l\u2019arquebisbe Joan i els companys preveres.<\/span><\/p>\n<p style=\"text-align: justify\"><span style=\"color: #000000\"><strong>Paraules d\u2019agra\u00efment dels nous preveres<\/strong><\/span><\/p>\n<p style=\"text-align: justify\"><span style=\"color: #000000\">Abans de finalitzar la celebraci\u00f3, els tres nous preveres van dirigir unes paraules d\u2019agra\u00efment. \u00abAvui \u00e9s un dia que el cel est\u00e0 de festa, perqu\u00e8 Jesucrist ha davallat en tres dels seus fills\u00bb, va expressar Mn. Albert Font. \u00abEll ara viu en mi, en nosaltres, d\u2019una forma inimaginablement m\u00e9s viva i plena [\u2026] i la meva vida ser\u00e0 plena si tu estires de mi i em dius: \u201cVull con\u00e8ixer Jes\u00fas amb tu, vull rebre Jes\u00fas amb els sagraments que ara tu pots administrar-me\u201d\u00bb, va afirmar.<\/span><\/p>\n<p style=\"text-align: justify\"><span style=\"color: #000000\">Per la seva part, Mn. Andreu Figueras va tenir presents tres persones que han marcat especialment la seva vida. La seva mare, \u00abque mentre patia el c\u00e0ncer va madurar intensament la seva fe\u00bb i la vida de la qual \u00abes podria resumir dient \u201cl\u2019Eucaristia em sost\u00e9\u201d\u00bb; el seu pare, \u00abque va ser un testimoni de vida, de coher\u00e8ncia i de consci\u00e8ncia de la seva fe cristiana\u00bb; i Mn. Gen\u00eds Padr\u00f3s, \u00abque va marcar els inicis de la meva vida cristiana i vocacional i era un home que predicava all\u00f2 que ell vivia\u00bb.<\/span><\/p>\n<p style=\"text-align: justify\"><span style=\"color: #000000\">Finalment, Mn. Dami\u00e0 Tarrag\u00f3 va parlar de la vocaci\u00f3 com \u00abun regal de D\u00e9u, un regal que no t\u00e9 ni m\u00e8rit propi de qui el rep, ni tan sols qui el rep la capacitat de demanar-lo\u00bb. \u00ab\u00c9s una gran oportunitat per trobar el sentit profund de la nostra vida\u00bb, va apuntar. Aix\u00ed, va recordar que \u00abel dest\u00ed de tot cam\u00ed cristi\u00e0 \u00e9s la santedat, i a cadasc\u00fa D\u00e9u li t\u00e9 un pla preparat per ser feli\u00e7, per sentir-se ple, perqu\u00e8 la seva vida tingui un sentit.\u00bb<\/span><\/p>\n<p style=\"text-align: justify\"><strong>PRIMERA MISSA DE MN. DAMI\u00c0 TARRAG\u00d3 A LA VILA D\u2019ALCOVER<\/strong><\/p>\n<div id=\"attachment_4561\" style=\"width: 269px\" class=\"wp-caption alignleft\"><a href=\"https:\/\/assumpcio.alcover.arqtgn.cat\/wp-content\/uploads\/sites\/39\/2023\/02\/1a-Missa-dAlcover.jpg\" target=\"_blank\" rel=\"noopener\"><img decoding=\"async\" aria-describedby=\"caption-attachment-4561\" class=\"wp-image-4561\" src=\"https:\/\/assumpcio.alcover.arqtgn.cat\/wp-content\/uploads\/sites\/39\/2023\/02\/1a-Missa-dAlcover-370x1024.jpg\" alt=\"\" width=\"259\" height=\"717\" srcset=\"https:\/\/assumpcio.alcover.arqtgn.cat\/wp-content\/uploads\/sites\/39\/2023\/02\/1a-Missa-dAlcover-370x1024.jpg 370w, https:\/\/assumpcio.alcover.arqtgn.cat\/wp-content\/uploads\/sites\/39\/2023\/02\/1a-Missa-dAlcover-108x300.jpg 108w, https:\/\/assumpcio.alcover.arqtgn.cat\/wp-content\/uploads\/sites\/39\/2023\/02\/1a-Missa-dAlcover.jpg 549w\" sizes=\"(max-width: 259px) 100vw, 259px\" \/><\/a><p id=\"caption-attachment-4561\" class=\"wp-caption-text\"><strong>Recordatori 1a Missa<\/strong><\/p><\/div>\n<p style=\"text-align: justify\"><span style=\"color: #000000\">El dissabte dia 18 de febrer de 2023 en agra\u00efment a Verge del Remei i a la vila d&#8217;Alcover, <span class=\"hiddenSpellError\">Mn<\/span>. Dami\u00e0 Tarrag\u00f3 Garcia-<span class=\"hiddenSpellError\">Bech<\/span> celebrava la primera missa el dissabte 18 de febrer de 2023 a l&#8217;ermita del Remei i el diumenge dia 19 de febrer de 2023 a la parr\u00f2quia de l&#8217;Assumpci\u00f3 d&#8217;Alcover, on estava adscrit i exercia com a diaca de la Unitat Pastoral d&#8217;Alcover.<\/span><\/p>\n<p style=\"text-align: justify\"><span style=\"color: #000000\">Mn. Dami\u00e0 Tarrag\u00f3 Garcia va ser ordenat prevere el diumenge dia 12 d&#8217;aquest mes de febrer, per l&#8217;Excm. I Rvdm. Sr. arquebisbe metropolit\u00e0 i primat de Tarragona Mons. Joan Planellas i Barnosell, a la Catedral metropolitana i primada de Santa Tecla de Tarragona.<\/span><\/p>\n<p style=\"text-align: justify\"><span style=\"color: #000000\">Mn. Dami\u00e0 Tarragona ha sigut nomenat per Mons. Joan Planella vicari de les parr\u00f2quies pertanyents a la Unitat Pastoral de la vila d&#8217;Alcover.<\/span><\/p>\n<p style=\"text-align: justify\"><span style=\"color: #000000\">Que la gr\u00e0cia de D\u00e9u, Pare Fill i Esperit sant, beneeixin cadascun dels teus passos com a prevere, que siguis un pont per a fer arribar a tots, la paraula de D\u00e9u, i alimentar la fe.<\/span><\/p>\n<p style=\"text-align: justify\"><span style=\"color: #000000\">Moltes Felicitats!<\/span><\/p>\n<p style=\"text-align: justify\"><span style=\"color: #000000\">Ben vostra<\/span><br \/>\n<span style=\"color: #000000\">Mn. V\u00edctor Mosquera Ramos<\/span><\/p>\n<p style=\"text-align: justify\"><em>Departament de Mitjans de Comunicaci\u00f3 de l\u2019Arquebisbat de Tarragona<\/em><a href=\"https:\/\/assumpcio.alcover.arqtgn.cat\/\"><img decoding=\"async\" class=\"wp-image-3242 size-full alignright\" src=\"https:\/\/assumpcio.alcover.arqtgn.cat\/wp-content\/uploads\/sites\/39\/2022\/10\/Yo2Q.gif\" alt=\"\" width=\"64\" height=\"64\" \/><\/a><\/p>\n","protected":false},"excerpt":{"rendered":"<p>L\u2019ARQUEBISBE JOAN ORDENA TRES NOUS PREVERES DIOCESANS La Catedral de Tarragona es va omplir de gom a gom aquest diumenge dia 12 de febrer amb motiu de la celebraci\u00f3 de <a class=\"more-link\" href=\"https:\/\/assumpcio.alcover.arqtgn.cat\/?page_id=4438\">Continue Reading &rarr;<\/a><\/p>\n","protected":false},"author":39,"featured_media":0,"parent":0,"menu_order":0,"comment_status":"closed","ping_status":"closed","template":"","meta":{"footnotes":""},"class_list":["post-4438","page","type-page","status-publish","hentry"],"_links":{"self":[{"href":"https:\/\/assumpcio.alcover.arqtgn.cat\/index.php?rest_route=\/wp\/v2\/pages\/4438","targetHints":{"allow":["GET"]}}],"collection":[{"href":"https:\/\/assumpcio.alcover.arqtgn.cat\/index.php?rest_route=\/wp\/v2\/pages"}],"about":[{"href":"https:\/\/assumpcio.alcover.arqtgn.cat\/index.php?rest_route=\/wp\/v2\/types\/page"}],"author":[{"embeddable":true,"href":"https:\/\/assumpcio.alcover.arqtgn.cat\/index.php?rest_route=\/wp\/v2\/users\/39"}],"replies":[{"embeddable":true,"href":"https:\/\/assumpcio.alcover.arqtgn.cat\/index.php?rest_route=%2Fwp%2Fv2%2Fcomments&post=4438"}],"version-history":[{"count":43,"href":"https:\/\/assumpcio.alcover.arqtgn.cat\/index.php?rest_route=\/wp\/v2\/pages\/4438\/revisions"}],"predecessor-version":[{"id":4569,"href":"https:\/\/assumpcio.alcover.arqtgn.cat\/index.php?rest_route=\/wp\/v2\/pages\/4438\/revisions\/4569"}],"wp:attachment":[{"href":"https:\/\/assumpcio.alcover.arqtgn.cat\/index.php?rest_route=%2Fwp%2Fv2%2Fmedia&parent=4438"}],"curies":[{"name":"wp","href":"https:\/\/api.w.org\/{rel}","templated":true}]}}