{"id":5339,"date":"2023-06-12T17:48:31","date_gmt":"2023-06-12T15:48:31","guid":{"rendered":"http:\/\/assumpcio.alcover.arqtgn.cat\/?page_id=5339"},"modified":"2023-06-13T12:55:06","modified_gmt":"2023-06-13T10:55:06","slug":"corpus-any-2023-alcover","status":"publish","type":"page","link":"https:\/\/assumpcio.alcover.arqtgn.cat\/?page_id=5339","title":{"rendered":"Corpus any 2023, Alcover"},"content":{"rendered":"<p><iframe title=\"Corpus d&#039;Alcover 2023\" width=\"678\" height=\"381\" src=\"https:\/\/www.youtube.com\/embed\/uXggL2_klUk?feature=oembed\" frameborder=\"0\" allow=\"accelerometer; autoplay; clipboard-write; encrypted-media; gyroscope; picture-in-picture; web-share\" allowfullscreen><\/iframe><\/p>\n<p style=\"text-align: justify\"><span style=\"color: #000000\"><strong>TRADICIONAL CELEBRACI\u00d3 DEL CORPUS 2023<\/strong><\/span><\/p>\n<p>Un any m\u00e9s, el diumenge 11 de Juny, els carrers d\u2019Alcover per on passa la process\u00f3 de Corpus Christi d\u2019enguany s\u2019han engalanat de catifes de tot tipus, cosa que ha fet la process\u00f3 molt llu\u00efda amb decoraci\u00f3 pels carrers, les sanefes i els dibuixos que es van fer en els carrers pels quals havia de passar la process\u00f3.<\/p>\n<p style=\"text-align: justify\"><span style=\"color: #000000\">L&#8217;acte ha comen\u00e7at a les 18.00 h a l&#8217;esgl\u00e9sia parroquial de Ntra. Sra. de l&#8217;Assumpci\u00f3, amb la celebraci\u00f3 concelebrada de la santa missa pels vicaris, Mn. Pere Joan Figueras Roca, Mn. Dami\u00e0 Tarrag\u00f3 Garcia-Bech, i el rector de la parr\u00f2quia recentment nomenat VICARI GENERAL de l&#8217;Arxidi\u00f2cesi de Tarragona, amb la funci\u00f3 espec\u00edfica de moderador de la C\u00faria, l&#8217;administraci\u00f3 dels b\u00e9ns de l&#8217;Esgl\u00e9sia i l&#8217;economia diocesana Mn. V\u00edctor Mosquera Ramos.<\/span><\/p>\n<p style=\"text-align: justify\"><span style=\"color: #000000\">Tres quarts d&#8217;hora m\u00e9s tard aproximadament s&#8217;ha iniciat la process\u00f3 pels principals carrers de la vila amb l&#8217;engalanament de carrers i balcons amb catifes de flors confeccionades per a l&#8217;ocasi\u00f3.<\/span><\/p>\n<p><span style=\"color: #000000\">Com \u00e9s tradicional, els protagonistes han estat els nens i les nenes que cada any tamb\u00e9 prenen part els nens i nenes que enguany han rebut el sagrament de la primera comuni\u00f3 en les darreres setmanes.<\/span><\/p>\n<p style=\"text-align: justify\"><span style=\"color: #000000\">El recorregut ha estat l\u2019habitual. Pel que fa a les sanefes que s\u2019han pogut veure pels carrers han estat variades i fetes amb diferents materials. Tamb\u00e9 cal destacar que al llarg del recorregut hi havia diversos altars.<\/span><\/p>\n<p style=\"text-align: justify\"><span style=\"color: #000000\">Tancava la comitiva processional les autoritats municipals de la vila encap\u00e7alada per l&#8217;Excm. Sr. Robert Figueras Roca, alcalde de la Vila en funcions.<\/span><\/p>\n<p style=\"text-align: justify\"><strong><span style=\"color: #000000\"><em>Unitat Pastoral d&#8217;Alcover<\/em><\/span><\/strong><\/p>\n","protected":false},"excerpt":{"rendered":"<p>TRADICIONAL CELEBRACI\u00d3 DEL CORPUS 2023 Un any m\u00e9s, el diumenge 11 de Juny, els carrers d\u2019Alcover per on passa la process\u00f3 de Corpus Christi d\u2019enguany s\u2019han engalanat de catifes de <a class=\"more-link\" href=\"https:\/\/assumpcio.alcover.arqtgn.cat\/?page_id=5339\">Continue Reading &rarr;<\/a><\/p>\n","protected":false},"author":39,"featured_media":0,"parent":0,"menu_order":0,"comment_status":"closed","ping_status":"closed","template":"","meta":{"footnotes":""},"class_list":["post-5339","page","type-page","status-publish","hentry"],"_links":{"self":[{"href":"https:\/\/assumpcio.alcover.arqtgn.cat\/index.php?rest_route=\/wp\/v2\/pages\/5339","targetHints":{"allow":["GET"]}}],"collection":[{"href":"https:\/\/assumpcio.alcover.arqtgn.cat\/index.php?rest_route=\/wp\/v2\/pages"}],"about":[{"href":"https:\/\/assumpcio.alcover.arqtgn.cat\/index.php?rest_route=\/wp\/v2\/types\/page"}],"author":[{"embeddable":true,"href":"https:\/\/assumpcio.alcover.arqtgn.cat\/index.php?rest_route=\/wp\/v2\/users\/39"}],"replies":[{"embeddable":true,"href":"https:\/\/assumpcio.alcover.arqtgn.cat\/index.php?rest_route=%2Fwp%2Fv2%2Fcomments&post=5339"}],"version-history":[{"count":6,"href":"https:\/\/assumpcio.alcover.arqtgn.cat\/index.php?rest_route=\/wp\/v2\/pages\/5339\/revisions"}],"predecessor-version":[{"id":5347,"href":"https:\/\/assumpcio.alcover.arqtgn.cat\/index.php?rest_route=\/wp\/v2\/pages\/5339\/revisions\/5347"}],"wp:attachment":[{"href":"https:\/\/assumpcio.alcover.arqtgn.cat\/index.php?rest_route=%2Fwp%2Fv2%2Fmedia&parent=5339"}],"curies":[{"name":"wp","href":"https:\/\/api.w.org\/{rel}","templated":true}]}}